{"id":835,"date":"2023-01-23T04:40:14","date_gmt":"2023-01-23T04:40:14","guid":{"rendered":"https:\/\/menteinformada.com\/?page_id=835"},"modified":"2023-04-16T22:45:50","modified_gmt":"2023-04-16T22:45:50","slug":"villkor","status":"publish","type":"page","link":"https:\/\/menteinformada.com\/sv\/termos-de-uso\/","title":{"rendered":"Villkor"},"content":{"rendered":"<div id=\"tdi_1\" class=\"tdc-zone\"><div class=\"tdc_zone tdi_2  wpb_row td-pb-row\"  >\n<style scoped>\n\/* custom css - generated by TagDiv Composer *\/\n\n\/* custom css - generated by TagDiv Composer *\/\n.tdi_2{\r\n                    min-height: 0;\r\n                }\n<\/style><div id=\"tdi_3\" class=\"tdc-row\"><div class=\"vc_row tdi_4  wpb_row td-pb-row\" >\n<style scoped>\n\/* custom css - generated by TagDiv Composer *\/\n\n\/* custom css - generated by TagDiv Composer *\/\n.tdi_4,\r\n                .tdi_4 .tdc-columns{\r\n                    min-height: 0;\r\n                }.tdi_4,\r\n\t\t\t\t.tdi_4 .tdc-columns{\r\n\t\t\t\t    display: block;\r\n\t\t\t\t}.tdi_4 .tdc-columns{\r\n\t\t\t\t    width: 100%;\r\n\t\t\t\t}.tdi_4:before,\r\n\t\t\t\t.tdi_4:after{\r\n\t\t\t\t    display: table;\r\n\t\t\t\t}\n<\/style><div class=\"vc_column tdi_6  wpb_column vc_column_container tdc-column td-pb-span12\">\n<style scoped>\n\/* custom css - generated by TagDiv Composer *\/\n\n\/* custom css - generated by TagDiv Composer *\/\n.tdi_6{\r\n                    vertical-align: baseline;\r\n                }.tdi_6 > .wpb_wrapper,\r\n\t\t\t\t.tdi_6 > .wpb_wrapper > .tdc-elements{\r\n\t\t\t\t    display: block;\r\n\t\t\t\t}.tdi_6 > .wpb_wrapper > .tdc-elements{\r\n\t\t\t\t    width: 100%;\r\n\t\t\t\t}.tdi_6 > .wpb_wrapper > .vc_row_inner{\r\n\t\t\t\t    width: auto;\r\n\t\t\t\t}.tdi_6 > .wpb_wrapper{\r\n\t\t\t\t    width: auto;\r\n\t\t\t\t    height: auto;\r\n\t\t\t\t}\n<\/style><div class=\"wpb_wrapper\" ><div class=\"td_block_wrap td_block_text_with_title tdi_7 tagdiv-type td-pb-border-top td_block_template_1\"  data-td-block-uid=\"tdi_7\" >\n<style>\n\/* custom css - generated by TagDiv Composer *\/\n.td_block_text_with_title{\r\n                  margin-bottom: 44px;\r\n                  -webkit-transform: translateZ(0);\r\n                  transform: translateZ(0);\r\n                }.td_block_text_with_title p:last-child{\r\n                  margin-bottom: 0;\r\n                }\n<\/style><div class=\"td-block-title-wrap\"><\/div><div class=\"td_mod_wrap td-fix-index\"><p>regler och villkor f\u00f6r anv\u00e4ndning<br \/>V\u00e4lkommen till Informed Mind!<br \/>Dessa villkor beskriver reglerna f\u00f6r anv\u00e4ndning av Mente Informadas f\u00f6retagswebbplats, som finns p\u00e5 https:\/\/menteinformada.com\/.<\/p>\n<p>Genom att g\u00e5 in p\u00e5 denna webbplats anser vi att du \u00e4r \u00f6verens med villkoren nedan. Forts\u00e4tt inte att anv\u00e4nda Mente Informada om du inte h\u00e5ller med om villkoren som beskrivs i detta avtal.<\/p>\n<p>Sm\u00e5kakor:<br \/>Webbplatsen anv\u00e4nder cookies f\u00f6r att g\u00f6ra din internetupplevelse personlig. Genom att g\u00e5 in p\u00e5 Mente Informadas webbplats godk\u00e4nner du anv\u00e4ndningen av de n\u00f6dv\u00e4ndiga cookies.<\/p>\n<p>Cookies \u00e4r textfiler som placeras p\u00e5 din h\u00e5rddisk av en webbsidaserver. Cookies \u00e4r inte till\u00e5tna f\u00f6r att k\u00f6ra program eller \u00f6verf\u00f6ra virus till din dator. Cookies \u00e4r unikt f\u00f6rknippade med dig och kan endast l\u00e4sas av webbservern f\u00f6r den dom\u00e4n som utf\u00e4rdade cookien.<\/p>\n<p>Vi kan anv\u00e4nda cookies f\u00f6r att samla in, lagra eller sp\u00e5ra information f\u00f6r statistiska och marknadsf\u00f6rings\u00e4ndam\u00e5l p\u00e5 v\u00e5r webbplats. Du har m\u00f6jlighet att acceptera eller avvisa valfria cookies. Det finns n\u00e5gra obligatoriska cookies som \u00e4r n\u00f6dv\u00e4ndiga f\u00f6r att v\u00e5r webbplats ska fungera. Dessa obligatoriska cookies kr\u00e4ver ditt samtycke. T\u00e4nk p\u00e5 att genom att acceptera obligatoriska cookies accepterar du \u00e4ven tredjepartscookies, som kan anv\u00e4ndas av tredje part om du anv\u00e4nder tj\u00e4nster som tillhandah\u00e5lls av dem p\u00e5 v\u00e5r webbplats \u2013 till exempel ett videouppspelningsf\u00f6nster fr\u00e5n tredje parts f\u00f6retag och integrerad i v\u00e5r webbplats.<\/p>\n<p>Licens:<br \/>Om inte annat anges har Mente Informada och dess licensgivare r\u00e4tt till den immateriella \u00e4gander\u00e4tten till allt material som publiceras p\u00e5 Mente Informada. Alla immateriella r\u00e4ttigheter \u00e4r reserverade.<\/p>\n<p>Du f\u00e5r inte:<\/p>\n<p>Kopiera eller \u00e5terpublicera material fr\u00e5n Mente Informada<br \/>S\u00e4lj, hyr ut eller hyr ut material fr\u00e5n Mente Informada<br \/>Reproducera, duplicera eller kopiera material fr\u00e5n Mente Informada<br \/>Omf\u00f6rdela inneh\u00e5ll fr\u00e5n Mente Informada<br \/>Detta avtal kommer att g\u00e4lla fr\u00e5n och med detta datum.<\/p>\n<p>Delar av denna webbplats ger anv\u00e4ndaren m\u00f6jlighet att posta och diskutera \u00e5sikter och information inom vissa omr\u00e5den. Informed Mind filtrerar, redigerar, publicerar eller granskar inte kommentarer innan de visas p\u00e5 webbplatsen. Kommentarer \u00e5terspeglar \u00e5sikterna hos personen som publicerar dem. I den utstr\u00e4ckning till\u00e4mpliga lagar till\u00e5ter, ska Mente Informada inte vara juridiskt ansvarig f\u00f6r kommentarerna eller n\u00e5gra skador, risker eller utgifter som orsakas eller lids till f\u00f6ljd av anv\u00e4ndningen av, och\/eller postningen och\/eller uppkomsten av, kommentarerna p\u00e5 denna webbplats .<\/p>\n<p>Informed Mind f\u00f6rbeh\u00e5ller sig r\u00e4tten att ta bort alla kommentarer som kan anses vara ol\u00e4mpliga, st\u00f6tande eller bryta mot villkoren i detta avtal.<\/p>\n<p>Du representerar och garanterar att:<\/p>\n<p>Du har r\u00e4tt att posta kommentarer p\u00e5 v\u00e5r webbplats och har alla licenser och samtycke f\u00f6r att g\u00f6ra det;<br \/>Dina kommentarer invaderar inte n\u00e5gon immateriell egendom, inklusive upphovsr\u00e4tt, patent eller varum\u00e4rke som tillh\u00f6r n\u00e5gon tredje part;<br \/>Dina kommentarer inneh\u00e5ller inte \u00e4rekr\u00e4nkande, \u00e4rekr\u00e4nkande, st\u00f6tande, oanst\u00e4ndigt eller p\u00e5 annat s\u00e4tt olagligt material som \u00e4r ett intr\u00e5ng i integriteten.<br \/>Dina kommentarer kommer inte att anv\u00e4ndas f\u00f6r att v\u00e4rva eller marknadsf\u00f6ra aff\u00e4rer eller presentera kommersiella aktiviteter eller olagliga aktiviteter.<br \/>Du ger h\u00e4rmed Mente Informada en icke-exklusiv licens att anv\u00e4nda, reproducera, redigera och till\u00e5ta andra att anv\u00e4nda, reproducera eller redigera n\u00e5gon av dina kommentarer i alla former, format och media.<\/p>\n<p>Skapa l\u00e4nkar till v\u00e5rt inneh\u00e5ll<br \/>F\u00f6ljande organisationer kan l\u00e4nka till v\u00e5r webbplats utan f\u00f6reg\u00e5ende skriftligt godk\u00e4nnande:<\/p>\n<p>Statliga myndigheter;<br \/>S\u00f6kmotorer;<br \/>Medieorganisationer;<br \/>Onlinekatalogdistribut\u00f6rer kan hyperl\u00e4nka till v\u00e5r webbplats p\u00e5 samma s\u00e4tt som de hyperl\u00e4nkar till webbplatser f\u00f6r andra listade f\u00f6retag; Det \u00e4r<br \/>Ackrediterade f\u00f6retag, f\u00f6rutom ideella insamlingsorganisationer och v\u00e4lg\u00f6renhetsinsamlingsgrupper, f\u00e5r inte l\u00e4nka till v\u00e5r webbplats utan f\u00f6reg\u00e5ende godk\u00e4nnande.<br \/>Dessa organisationer kan publicera l\u00e4nkar till v\u00e5r hemsida, publikationer eller annan webbplatsinformation s\u00e5 l\u00e4nge som l\u00e4nken: (a) inte p\u00e5 n\u00e5got s\u00e4tt \u00e4r vilseledande; (b) inte felaktigt antyder f\u00f6rekomsten av en sponsring, rekommendation eller godk\u00e4nnandef\u00f6rh\u00e5llande med oss ang\u00e5ende produkter och\/eller tj\u00e4nster; och (c) \u00e4r l\u00e4mplig f\u00f6r det sammanhang i vilket den infogas.<\/p>\n<p>Vi kan \u00f6verv\u00e4ga och godk\u00e4nna l\u00e4nkf\u00f6rfr\u00e5gningar fr\u00e5n f\u00f6ljande typer av organisationer:<\/p>\n<p>v\u00e4lk\u00e4nda informationsk\u00e4llor om produkter och f\u00f6retag;<br \/>dot.com community-webbplatser;<br \/>f\u00f6reningar och andra grupper som representerar v\u00e4lg\u00f6renhetsorganisationer;<br \/>onlinekatalogdistribut\u00f6rer;<br \/>Internetportaler;<br \/>redovisnings-, juridik- och konsultf\u00f6retag; Det \u00e4r<br \/>l\u00e4roanstalter och klassf\u00f6reningar.<br \/>Vi kommer att godk\u00e4nna l\u00e4nkf\u00f6rfr\u00e5gningar fr\u00e5n de typer av organisationer som anges ovan om vi bed\u00f6mer att: (a) l\u00e4nken inte \u00e4r negativ f\u00f6r v\u00e5r image och\/eller bilden av ackrediterade f\u00f6retag; (b) den beg\u00e4rande organisationen inte har en negativ historia hos oss; (c) f\u00f6rdelen vi vinner p\u00e5 l\u00e4nkens synlighet kompenserar f\u00f6r fr\u00e5nvaron av Mente Informada; och (d) l\u00e4nken kommer att placeras i ett allm\u00e4nt informativt sammanhang.<\/p>\n<p>Dessa organisationer kan l\u00e4gga upp l\u00e4nkar till v\u00e5r hemsida s\u00e5 l\u00e4nge l\u00e4nken: (a) inte p\u00e5 n\u00e5got s\u00e4tt \u00e4r vilseledande; (b) inte felaktigt antyder f\u00f6rekomsten av en sponsring, rekommendation eller godk\u00e4nnande av produkter och\/eller tj\u00e4nster fr\u00e5n v\u00e5r sida; och (c) \u00e4r l\u00e4mplig f\u00f6r det sammanhang i vilket den infogas.<\/p>\n<p>Om du representerar en av de organisationer som anges i punkt 2 ovan och \u00e4r intresserad av att l\u00e4gga upp en l\u00e4nk till v\u00e5r webbplats, m\u00e5ste du meddela oss ditt intresse genom att skicka ett e-postmeddelande till Mente Informada. V\u00e4nligen inkludera ditt namn, din organisations namn och kontaktinformation, samt webbadressen till din webbplats, en lista \u00f6ver webbadresserna p\u00e5 v\u00e5r webbplats som du t\u00e4nker l\u00e4nka till och en lista \u00f6ver de webbplatser d\u00e4r du t\u00e4nker publicera v\u00e5r Webbadresser. Det kan ta 2 till 3 veckor innan du f\u00e5r ett svar.<\/p>\n<p>Godk\u00e4nda organisationer kan l\u00e4gga upp l\u00e4nkar till v\u00e5r webbplats p\u00e5 f\u00f6ljande s\u00e4tt:<\/p>\n<p>Anv\u00e4nda v\u00e5rt f\u00f6retagsnamn; eller<br \/>Anv\u00e4nda webbadressen d\u00e4r l\u00e4nken omdirigerar; eller<br \/>Anv\u00e4nda n\u00e5gon annan beskrivning av v\u00e5r webbplats som \u00e4r vettig i sammanhanget och formatet f\u00f6r inneh\u00e5llet som l\u00e4nken infogas till.<br \/>Anv\u00e4ndning eller publicering av l\u00e4nkar till logotypen och\/eller andra visuella element av Mente Informada kommer inte att till\u00e5tas utan ett licensavtal f\u00f6r att anv\u00e4nda varum\u00e4rket.<\/p>\n<p>Ansvar f\u00f6r inneh\u00e5ll:<br \/>Vi kommer inte att h\u00e5llas juridiskt ansvariga f\u00f6r n\u00e5got inneh\u00e5ll som visas p\u00e5 din webbplats. Du samtycker till att skydda och f\u00f6rsvara oss mot alla anklagelser som tas upp p\u00e5 din webbplats. Inga l\u00e4nkar b\u00f6r visas p\u00e5 n\u00e5gon webbplats som kan tolkas som \u00e4rekr\u00e4nkande, obscent, brottslig eller som kr\u00e4nker, kr\u00e4nker eller f\u00f6respr\u00e5kar kr\u00e4nkning av tredje parts r\u00e4ttigheter.<\/p>\n<p>F\u00f6rbeh\u00e5ll av r\u00e4ttigheter:<br \/>Vi f\u00f6rbeh\u00e5ller oss r\u00e4tten att beg\u00e4ra att du tar bort alla l\u00e4nkar eller l\u00e4nkar som omdirigerar till v\u00e5r webbplats. Du samtycker till att omedelbart ta bort alla l\u00e4nkar till v\u00e5r webbplats vid beg\u00e4rd borttagning. Vi f\u00f6rbeh\u00e5ller oss ocks\u00e5 v\u00e5r r\u00e4tt att n\u00e4r som helst \u00e4ndra och \u00e4ndra dessa villkor. Genom att kontinuerligt publicera l\u00e4nkar till v\u00e5r webbplats samtycker du till att vara bunden av dessa l\u00e4nkningsvillkor.<\/p>\n<p>Borttagning av l\u00e4nkar som publicerats p\u00e5 v\u00e5r webbplats:<br \/>Om du hittar n\u00e5gon l\u00e4nk p\u00e5 v\u00e5r webbplats som \u00e4r st\u00f6tande p\u00e5 n\u00e5got s\u00e4tt, \u00e4r du fri att kontakta oss och informera oss om problemet n\u00e4r som helst. Vi kommer att \u00f6verv\u00e4ga f\u00f6rfr\u00e5gningar om att ta bort l\u00e4nkar, men vi \u00e4r inte skyldiga att ta bort n\u00e5gra l\u00e4nkar till v\u00e5r webbplats eller att svara direkt p\u00e5 din beg\u00e4ran.<\/p>\n<p>Vi garanterar inte att informationen p\u00e5 denna webbplats \u00e4r korrekt. Vi garanterar inte att inneh\u00e5llet \u00e4r fullst\u00e4ndigt eller korrekt. Vi garanterar inte att webbplatsen f\u00f6rblir tillg\u00e4nglig eller att material p\u00e5 webbplatsen kommer att h\u00e5llas uppdaterat.<\/p>\n<p>Varning:<br \/>I den maximala utstr\u00e4ckning som lagen till\u00e5ter, utesluter vi alla representationer, garantier och villkor som r\u00f6r v\u00e5r webbplats och anv\u00e4ndningen av denna webbplats. Ingenting i denna ansvarsfriskrivning kommer att:<\/p>\n<p>begr\u00e4nsa eller utesluta v\u00e5rt eller ditt ansvar f\u00f6r d\u00f6dsfall eller personskada;<br \/>begr\u00e4nsa eller utesluta v\u00e5rt eller ditt ansvar f\u00f6r bedr\u00e4geri eller bedr\u00e4glig felaktig framst\u00e4llning;<br \/>begr\u00e4nsa v\u00e5rt eller ditt ansvar p\u00e5 n\u00e5got s\u00e4tt som inte \u00e4r till\u00e5tet enligt lag;<br \/>utesluta alla ansvarsskyldigheter f\u00f6r dig eller oss som inte kan uteslutas enligt till\u00e4mplig lag.<br \/>De begr\u00e4nsningar och f\u00f6rbud mot ansvar som anges i detta avsnitt och p\u00e5 andra st\u00e4llen i detta uttalande: (a) omfattas av f\u00f6reg\u00e5ende stycke; och (b) reglera alla skulder som uppst\u00e5r under f\u00f6rklaringen, inklusive skulder som uppst\u00e5r i kontrakt, skadest\u00e5ndsansvar och f\u00f6r brott mot r\u00e4ttslig skyldighet.<\/p>\n<p>S\u00e5 l\u00e4nge webbplatsen och informationen och tj\u00e4nsterna p\u00e5 webbplatsen tillhandah\u00e5lls kostnadsfritt kommer vi inte att h\u00e5llas ansvariga f\u00f6r f\u00f6rlust eller skada av n\u00e5got slag.<\/p>\n<\/div><\/div><\/div><\/div><\/div><\/div><\/div><\/div>","protected":false},"excerpt":{"rendered":"","protected":false},"author":244,"featured_media":0,"parent":0,"menu_order":0,"comment_status":"closed","ping_status":"closed","template":"","meta":{"footnotes":""},"class_list":["post-835","page","type-page","status-publish"],"_links":{"self":[{"href":"https:\/\/menteinformada.com\/sv\/wp-json\/wp\/v2\/pages\/835","targetHints":{"allow":["GET"]}}],"collection":[{"href":"https:\/\/menteinformada.com\/sv\/wp-json\/wp\/v2\/pages"}],"about":[{"href":"https:\/\/menteinformada.com\/sv\/wp-json\/wp\/v2\/types\/page"}],"author":[{"embeddable":true,"href":"https:\/\/menteinformada.com\/sv\/wp-json\/wp\/v2\/users\/244"}],"replies":[{"embeddable":true,"href":"https:\/\/menteinformada.com\/sv\/wp-json\/wp\/v2\/comments?post=835"}],"version-history":[{"count":4,"href":"https:\/\/menteinformada.com\/sv\/wp-json\/wp\/v2\/pages\/835\/revisions"}],"predecessor-version":[{"id":3719,"href":"https:\/\/menteinformada.com\/sv\/wp-json\/wp\/v2\/pages\/835\/revisions\/3719"}],"wp:attachment":[{"href":"https:\/\/menteinformada.com\/sv\/wp-json\/wp\/v2\/media?parent=835"}],"curies":[{"name":"wp","href":"https:\/\/api.w.org\/{rel}","templated":true}]}}